{"id":1163,"date":"2015-07-19T20:59:20","date_gmt":"2015-07-19T18:59:20","guid":{"rendered":"https:\/\/fernand-schwarz.asbl.foodle.co\/products\/books\/"},"modified":"2023-04-07T17:12:08","modified_gmt":"2023-04-07T15:12:08","slug":"books","status":"publish","type":"page","link":"https:\/\/fernand-schwarz.fr\/en\/products\/books\/","title":{"rendered":"Books"},"content":{"rendered":"\n<style type=\"text\/css\" data-created_by=\"avia_inline_auto\" id=\"style-css-av-av_section-275ce509a53f8da3e81e76e9b8eb217c\">\n.avia-section.av-av_section-275ce509a53f8da3e81e76e9b8eb217c{\nbackground-repeat:no-repeat;\nbackground-image:url(https:\/\/fernand-schwarz.fr\/wp-content\/uploads\/sites\/15\/2020\/11\/cropped-Fernand-Schwarz-Egypte-Banniere.jpg);\nbackground-position:50% 50%;\nbackground-attachment:scroll;\n}\n<\/style>\n<div id='av_section_1'  class='avia-section av-av_section-275ce509a53f8da3e81e76e9b8eb217c main_color avia-section-default avia-no-border-styling  avia-builder-el-0  el_before_av_section  avia-builder-el-first  avia-full-stretch avia-bg-style-scroll av-minimum-height av-minimum-height-custom av-height-custom  container_wrap fullsize'  data-section-bg-repeat='stretch' data-av_minimum_height_px='350'><div class='container av-section-cont-open' style='height:350px'><main  role=\"main\" itemprop=\"mainContentOfPage\"  class='template-page content  av-content-full alpha units'><div class='post-entry post-entry-type-page post-entry-1163'><div class='entry-content-wrapper clearfix'>\n<\/div><\/div><\/main><!-- close content main element --><\/div><\/div><div id='av_section_2'  class='avia-section av-av_section-f716ba51e7bf82947c918c6ed882cb73 main_color avia-section-default avia-no-border-styling  avia-builder-el-1  el_after_av_section  el_before_av_section  avia-bg-style-scroll container_wrap fullsize'  ><div class='container av-section-cont-open' ><div class='template-page content  av-content-full alpha units'><div class='post-entry post-entry-type-page post-entry-1163'><div class='entry-content-wrapper clearfix'>\n\n<style type=\"text\/css\" data-created_by=\"avia_inline_auto\" id=\"style-css-av-av_one_full-907ecd7047394f4946d3756c9c17f364\">\n#top .flex_column.av-av_one_full-907ecd7047394f4946d3756c9c17f364{\nmargin-top:0px;\nmargin-bottom:0px;\n}\n.flex_column.av-av_one_full-907ecd7047394f4946d3756c9c17f364{\nwidth:100%;\npadding:0 0 0 0;\n}\n.responsive #top #wrap_all .flex_column.av-av_one_full-907ecd7047394f4946d3756c9c17f364{\nmargin-top:0px;\nmargin-bottom:0px;\n}\n<\/style>\n<div  class='flex_column av-av_one_full-907ecd7047394f4946d3756c9c17f364 av_one_full  avia-builder-el-2  el_before_av_one_full  avia-builder-el-first  first flex_column_div av-zero-column-padding  '     ><style type=\"text\/css\" data-created_by=\"avia_inline_auto\" id=\"style-css-av-lg5awjrb-205b4e475a058252b5de674f69391b25\">\n#top .av-special-heading.av-lg5awjrb-205b4e475a058252b5de674f69391b25{\npadding-bottom:10px;\n}\nbody .av-special-heading.av-lg5awjrb-205b4e475a058252b5de674f69391b25 .av-special-heading-tag .heading-char{\nfont-size:25px;\n}\n.av-special-heading.av-lg5awjrb-205b4e475a058252b5de674f69391b25 .av-subheading{\nfont-size:15px;\n}\n<\/style>\n<div  class='av-special-heading av-lg5awjrb-205b4e475a058252b5de674f69391b25 av-special-heading-h1 blockquote modern-quote  avia-builder-el-3  avia-builder-el-no-sibling '><h1 class='av-special-heading-tag '  itemprop=\"headline\"  >Books<\/h1><div class=\"special-heading-border\"><div class=\"special-heading-inner-border\"><\/div><\/div><\/div><\/div><div  class='flex_column av-av_one_full-7714eba142aeda1f8b5272a3c372b279 av_one_full  avia-builder-el-4  el_after_av_one_full  avia-builder-el-last  first flex_column_div  column-top-margin'     ><p>\n<style type=\"text\/css\" data-created_by=\"avia_inline_auto\" id=\"style-css-av-lg5axdau-0db1582212ea805fda7235b7ccfedd26\">\n.avia-image-container.av-lg5axdau-0db1582212ea805fda7235b7ccfedd26 img.avia_image{\nbox-shadow:none;\n}\n.avia-image-container.av-lg5axdau-0db1582212ea805fda7235b7ccfedd26 .av-image-caption-overlay-center{\ncolor:#ffffff;\n}\n<\/style>\n<div  class='avia-image-container av-lg5axdau-0db1582212ea805fda7235b7ccfedd26 av-styling- av-img-linked avia-align-center  avia-builder-el-5  el_before_av_textblock  avia-builder-el-first '   itemprop=\"image\" itemscope=\"itemscope\" itemtype=\"https:\/\/schema.org\/ImageObject\" ><div class=\"avia-image-container-inner\"><div class=\"avia-image-overlay-wrap\"><a href=\"https:\/\/fernand-schwarz.fr\/wp-content\/uploads\/sites\/15\/2015\/07\/Dedicace.jpg\" data-srcset=\"https:\/\/fernand-schwarz.fr\/wp-content\/uploads\/sites\/15\/2015\/07\/Dedicace.jpg 960w, https:\/\/fernand-schwarz.fr\/wp-content\/uploads\/sites\/15\/2015\/07\/Dedicace-300x125.jpg 300w, https:\/\/fernand-schwarz.fr\/wp-content\/uploads\/sites\/15\/2015\/07\/Dedicace-768x320.jpg 768w, https:\/\/fernand-schwarz.fr\/wp-content\/uploads\/sites\/15\/2015\/07\/Dedicace-705x294.jpg 705w\" data-sizes=\"(max-width: 960px) 100vw, 960px\" class='avia_image '  aria-label='Fernando Schwarz'><img decoding=\"async\" fetchpriority=\"high\" class='wp-image-952 avia-img-lazy-loading-not-952 avia_image ' src=\"https:\/\/fernand-schwarz.fr\/wp-content\/uploads\/sites\/15\/2015\/07\/Dedicace.jpg\" alt='' title='Fernando Schwarz'  height=\"400\" width=\"960\"  itemprop=\"thumbnailUrl\" srcset=\"https:\/\/fernand-schwarz.fr\/wp-content\/uploads\/sites\/15\/2015\/07\/Dedicace.jpg 960w, https:\/\/fernand-schwarz.fr\/wp-content\/uploads\/sites\/15\/2015\/07\/Dedicace-300x125.jpg 300w, https:\/\/fernand-schwarz.fr\/wp-content\/uploads\/sites\/15\/2015\/07\/Dedicace-768x320.jpg 768w, https:\/\/fernand-schwarz.fr\/wp-content\/uploads\/sites\/15\/2015\/07\/Dedicace-705x294.jpg 705w\" sizes=\"(max-width: 960px) 100vw, 960px\" \/><\/a><\/div><\/div><\/div><br \/>\n<section  class='av_textblock_section av-lg5axi1k-34797ab0b398701369a04303e28424e3 '   itemscope=\"itemscope\" itemtype=\"https:\/\/schema.org\/CreativeWork\" ><div class='avia_textblock'  itemprop=\"text\" ><p>His mains books have been translated and published in various languages and countries.<\/p>\n<\/div><\/section><\/p><\/div><\/div><\/div><\/div><!-- close content main div --><\/div><\/div><div id='av_section_3'  class='avia-section av-av_section-f716ba51e7bf82947c918c6ed882cb73 main_color avia-section-default avia-no-border-styling  avia-builder-el-7  el_after_av_section  el_before_av_section  avia-bg-style-scroll container_wrap fullsize'  ><div class='container av-section-cont-open' ><div class='template-page content  av-content-full alpha units'><div class='post-entry post-entry-type-page post-entry-1163'><div class='entry-content-wrapper clearfix'>\n<div class='flex_column_table av-av_one_fourth-76c5003803e21927780db46ca051d108 sc-av_one_fourth av-equal-height-column-flextable'><div  class='flex_column av-av_one_fourth-76c5003803e21927780db46ca051d108 av_one_fourth  avia-builder-el-8  el_before_av_three_fourth  avia-builder-el-first  first flex_column_table_cell av-equal-height-column av-align-middle  '     ><style type=\"text\/css\" data-created_by=\"avia_inline_auto\" id=\"style-css-av-av_image-fe67006f305b95f176e441f8021063af\">\n.avia-image-container.av-av_image-fe67006f305b95f176e441f8021063af img.avia_image{\nbox-shadow:none;\n}\n.avia-image-container.av-av_image-fe67006f305b95f176e441f8021063af .av-image-caption-overlay-center{\ncolor:#ffffff;\n}\n<\/style>\n<div  class='avia-image-container av-av_image-fe67006f305b95f176e441f8021063af av-styling- av-img-linked avia-align-center  avia-builder-el-9  avia-builder-el-no-sibling '   itemprop=\"image\" itemscope=\"itemscope\" itemtype=\"https:\/\/schema.org\/ImageObject\" ><div class=\"avia-image-container-inner\"><div class=\"avia-image-overlay-wrap\"><a href=\"https:\/\/www.fernand-schwarz.fr\/maat\/\" class='avia_image '  target=\"_blank\"  rel=\"noopener noreferrer\" aria-label='Egypte Miroir du Ciel'><img decoding=\"async\" fetchpriority=\"high\" class='wp-image-1134 avia-img-lazy-loading-not-1134 avia_image ' src=\"https:\/\/fernand-schwarz.fr\/wp-content\/uploads\/sites\/15\/2022\/12\/Egypte-Miroir-du-Ciel-218x300.png\" alt='' title='Egypte Miroir du Ciel'  height=\"300\" width=\"218\"  itemprop=\"thumbnailUrl\" srcset=\"https:\/\/fernand-schwarz.fr\/wp-content\/uploads\/sites\/15\/2022\/12\/Egypte-Miroir-du-Ciel-218x300.png 218w, https:\/\/fernand-schwarz.fr\/wp-content\/uploads\/sites\/15\/2022\/12\/Egypte-Miroir-du-Ciel.png 458w\" sizes=\"(max-width: 218px) 100vw, 218px\" \/><\/a><\/div><\/div><\/div><\/div><div class='av-flex-placeholder'><\/div><div  class='flex_column av-av_three_fourth-f1c518e9ff58e869f80c8f093487abc9 av_three_fourth  avia-builder-el-10  el_after_av_one_fourth  avia-builder-el-last  flex_column_table_cell av-equal-height-column av-align-middle  '     ><section  class='av_textblock_section av-av_textblock-7a1af7d8f9790576b1769c0a9f0449ed '   itemscope=\"itemscope\" itemtype=\"https:\/\/schema.org\/CreativeWork\" ><div class='avia_textblock'  itemprop=\"text\" ><p><a class=\"wp-block-latest-posts__post-title\" href=\"https:\/\/www.fernand-schwarz.fr\/maat\/\">Egypte miroir du ciel<\/a><\/p>\n<div class=\"wp-block-latest-posts__post-excerpt\">L\u2019\u00c9gypte des Pharaons a disparu et pourtant elle nous attire fortement. Pour les \u00c9gyptiens le concept de durable n\u2019\u00e9tait pas associ\u00e9 \u00e0 la rigidit\u00e9 mais \u00e0 une flexibilit\u00e9 et une adaptabilit\u00e9 naissant du partage des valeurs de solidarit\u00e9, justice, authenticit\u00e9 et harmonie des contraires, qu\u2019ils avaient symbolis\u00e9es par la d\u00e9esse Ma\u00e2t. C\u2019est ainsi qu\u2019ils transform\u00e8rent\u2026<\/div>\n<\/div><\/section><\/div><\/div><!--close column table wrapper. Autoclose: 1 --><\/div><\/div><\/div><!-- close content main div --><\/div><\/div><div id='av_section_4'  class='avia-section av-av_section-f716ba51e7bf82947c918c6ed882cb73 main_color avia-section-default avia-no-border-styling  avia-builder-el-12  el_after_av_section  el_before_av_section  avia-bg-style-scroll container_wrap fullsize'  ><div class='container av-section-cont-open' ><div class='template-page content  av-content-full alpha units'><div class='post-entry post-entry-type-page post-entry-1163'><div class='entry-content-wrapper clearfix'>\n<div class='flex_column_table av-av_one_fourth-76c5003803e21927780db46ca051d108 sc-av_one_fourth av-equal-height-column-flextable'><div  class='flex_column av-av_one_fourth-76c5003803e21927780db46ca051d108 av_one_fourth  avia-builder-el-13  el_before_av_three_fourth  avia-builder-el-first  first flex_column_table_cell av-equal-height-column av-align-middle  '     ><style type=\"text\/css\" data-created_by=\"avia_inline_auto\" id=\"style-css-av-lg5b3x23-6c1a2aa8cf831f0e0ac6fed08bb0be2c\">\n.avia-image-container.av-lg5b3x23-6c1a2aa8cf831f0e0ac6fed08bb0be2c img.avia_image{\nbox-shadow:none;\n}\n.avia-image-container.av-lg5b3x23-6c1a2aa8cf831f0e0ac6fed08bb0be2c .av-image-caption-overlay-center{\ncolor:#ffffff;\n}\n<\/style>\n<div  class='avia-image-container av-lg5b3x23-6c1a2aa8cf831f0e0ac6fed08bb0be2c av-styling- av-img-linked avia-align-center  avia-builder-el-14  avia-builder-el-no-sibling '   itemprop=\"image\" itemscope=\"itemscope\" itemtype=\"https:\/\/schema.org\/ImageObject\" ><div class=\"avia-image-container-inner\"><div class=\"avia-image-overlay-wrap\"><a href=\"https:\/\/www.fernand-schwarz.fr\/persee\/\" class='avia_image '  target=\"_blank\"  rel=\"noopener noreferrer\" aria-label='Perseus The Warrior Of Peace'><img decoding=\"async\" fetchpriority=\"high\" class='wp-image-1132 avia-img-lazy-loading-not-1132 avia_image ' src=\"https:\/\/fernand-schwarz.fr\/wp-content\/uploads\/sites\/15\/2022\/06\/Perseus_400-1-215x300.png\" alt='' title='Perseus The Warrior Of Peace'  height=\"300\" width=\"215\"  itemprop=\"thumbnailUrl\" srcset=\"https:\/\/fernand-schwarz.fr\/wp-content\/uploads\/sites\/15\/2022\/06\/Perseus_400-1-215x300.png 215w, https:\/\/fernand-schwarz.fr\/wp-content\/uploads\/sites\/15\/2022\/06\/Perseus_400-1.png 400w\" sizes=\"(max-width: 215px) 100vw, 215px\" \/><\/a><\/div><\/div><\/div><\/div><div class='av-flex-placeholder'><\/div><div  class='flex_column av-av_three_fourth-f1c518e9ff58e869f80c8f093487abc9 av_three_fourth  avia-builder-el-15  el_after_av_one_fourth  avia-builder-el-last  flex_column_table_cell av-equal-height-column av-align-middle  '     ><section  class='av_textblock_section av-lg5b43ro-aa558a6c9e9cb43bb7eadf6ede3406ac '   itemscope=\"itemscope\" itemtype=\"https:\/\/schema.org\/CreativeWork\" ><div class='avia_textblock'  itemprop=\"text\" ><p><a class=\"wp-block-latest-posts__post-title\" href=\"https:\/\/www.fernand-schwarz.fr\/persee\/\">Perseus \u2013 The Warrior of Peace<\/a><\/p>\n<div class=\"wp-block-latest-posts__post-excerpt\">In a world of transition, today\u2019s youth must take up new challenges, undreamed-of by past generations. But as in all perilous times, to face the challenge, one must have stable, tried and tested inner bearings and a correct inner disposition.\u2026 La voie du guerrier de la paix est\u2026<\/div>\n<\/div><\/section><\/div><\/div><!--close column table wrapper. Autoclose: 1 --><\/div><\/div><\/div><!-- close content main div --><\/div><\/div><div id='av_section_5'  class='avia-section av-av_section-f716ba51e7bf82947c918c6ed882cb73 main_color avia-section-default avia-no-border-styling  avia-builder-el-17  el_after_av_section  el_before_av_section  avia-bg-style-scroll container_wrap fullsize'  ><div class='container av-section-cont-open' ><div class='template-page content  av-content-full alpha units'><div class='post-entry post-entry-type-page post-entry-1163'><div class='entry-content-wrapper clearfix'>\n<div class='flex_column_table av-av_one_fourth-76c5003803e21927780db46ca051d108 sc-av_one_fourth av-equal-height-column-flextable'><div  class='flex_column av-av_one_fourth-76c5003803e21927780db46ca051d108 av_one_fourth  avia-builder-el-18  el_before_av_three_fourth  avia-builder-el-first  first flex_column_table_cell av-equal-height-column av-align-middle  '     ><style type=\"text\/css\" data-created_by=\"avia_inline_auto\" id=\"style-css-av-lg5b4h49-376ead6e97da56db50f57ac4f1fe3b8a\">\n.avia-image-container.av-lg5b4h49-376ead6e97da56db50f57ac4f1fe3b8a img.avia_image{\nbox-shadow:none;\n}\n.avia-image-container.av-lg5b4h49-376ead6e97da56db50f57ac4f1fe3b8a .av-image-caption-overlay-center{\ncolor:#ffffff;\n}\n<\/style>\n<div  class='avia-image-container av-lg5b4h49-376ead6e97da56db50f57ac4f1fe3b8a av-styling- av-img-linked avia-align-center  avia-builder-el-19  avia-builder-el-no-sibling '   itemprop=\"image\" itemscope=\"itemscope\" itemtype=\"https:\/\/schema.org\/ImageObject\" ><div class=\"avia-image-container-inner\"><div class=\"avia-image-overlay-wrap\"><a href=\"https:\/\/www.fernand-schwarz.fr\/le-symbolisme-de-legypte-ancienne-et-sa-geographie-sacree\/\" class='avia_image '  target=\"_blank\"  rel=\"noopener noreferrer\" aria-label='Symbolisme de l&#039;Egypte ancienne'><img decoding=\"async\" fetchpriority=\"high\" class='wp-image-1112 avia-img-lazy-loading-not-1112 avia_image ' src=\"https:\/\/fernand-schwarz.fr\/wp-content\/uploads\/sites\/15\/2019\/01\/LvreFS-2010-29711-217x300.jpg\" alt='' title='Symbolisme de l&#039;Egypte ancienne'  height=\"300\" width=\"217\"  itemprop=\"thumbnailUrl\" srcset=\"https:\/\/fernand-schwarz.fr\/wp-content\/uploads\/sites\/15\/2019\/01\/LvreFS-2010-29711-217x300.jpg 217w, https:\/\/fernand-schwarz.fr\/wp-content\/uploads\/sites\/15\/2019\/01\/LvreFS-2010-29711-744x1030.jpg 744w, https:\/\/fernand-schwarz.fr\/wp-content\/uploads\/sites\/15\/2019\/01\/LvreFS-2010-29711-768x1064.jpg 768w, https:\/\/fernand-schwarz.fr\/wp-content\/uploads\/sites\/15\/2019\/01\/LvreFS-2010-29711-509x705.jpg 509w, https:\/\/fernand-schwarz.fr\/wp-content\/uploads\/sites\/15\/2019\/01\/LvreFS-2010-29711.jpg 800w\" sizes=\"(max-width: 217px) 100vw, 217px\" \/><\/a><\/div><\/div><\/div><\/div><div class='av-flex-placeholder'><\/div><div  class='flex_column av-av_three_fourth-f1c518e9ff58e869f80c8f093487abc9 av_three_fourth  avia-builder-el-20  el_after_av_one_fourth  avia-builder-el-last  flex_column_table_cell av-equal-height-column av-align-middle  '     ><section  class='av_textblock_section av-lg5b4mae-92c35f1da4f53dd77fc2a020a75bf671 '   itemscope=\"itemscope\" itemtype=\"https:\/\/schema.org\/CreativeWork\" ><div class='avia_textblock'  itemprop=\"text\" ><p><a class=\"wp-block-latest-posts__post-title\" href=\"https:\/\/www.fernand-schwarz.fr\/le-symbolisme-de-legypte-ancienne-et-sa-geographie-sacree\/\">Le symbolisme de l\u2019\u00c9gypte ancienne et sa g\u00e9ographie sacr\u00e9e<\/a><\/p>\n<div class=\"wp-block-latest-posts__post-excerpt\">Dans la vision traditionnelle \u00e9gyptienne, les hommes se relient au Cosmos \u00e0 travers des symboles et une g\u00e9ographie sacr\u00e9e. Ceci leur permet d\u2019int\u00e9grer la compl\u00e9mentarit\u00e9 des oppos\u00e9s: le Ciel et la Terre, le haut et le bas, l\u2019invisible et le visible, la vie et la mort, l\u2019espace et le temps, l\u2019infini et le fini\u2026 Non\u2026<\/div>\n<\/div><\/section><\/div><\/div><!--close column table wrapper. Autoclose: 1 --><\/div><\/div><\/div><!-- close content main div --><\/div><\/div><div id='av_section_6'  class='avia-section av-av_section-f716ba51e7bf82947c918c6ed882cb73 main_color avia-section-default avia-no-border-styling  avia-builder-el-22  el_after_av_section  el_before_av_section  avia-bg-style-scroll container_wrap fullsize'  ><div class='container av-section-cont-open' ><div class='template-page content  av-content-full alpha units'><div class='post-entry post-entry-type-page post-entry-1163'><div class='entry-content-wrapper clearfix'>\n<div class='flex_column_table av-av_one_fourth-76c5003803e21927780db46ca051d108 sc-av_one_fourth av-equal-height-column-flextable'><div  class='flex_column av-av_one_fourth-76c5003803e21927780db46ca051d108 av_one_fourth  avia-builder-el-23  el_before_av_three_fourth  avia-builder-el-first  first flex_column_table_cell av-equal-height-column av-align-middle  '     ><style type=\"text\/css\" data-created_by=\"avia_inline_auto\" id=\"style-css-av-lg5b580f-bb9bf0c6e3c214d276c236b9ca5213b0\">\n.avia-image-container.av-lg5b580f-bb9bf0c6e3c214d276c236b9ca5213b0 img.avia_image{\nbox-shadow:none;\n}\n.avia-image-container.av-lg5b580f-bb9bf0c6e3c214d276c236b9ca5213b0 .av-image-caption-overlay-center{\ncolor:#ffffff;\n}\n<\/style>\n<div  class='avia-image-container av-lg5b580f-bb9bf0c6e3c214d276c236b9ca5213b0 av-styling- av-img-linked avia-align-center  avia-builder-el-24  avia-builder-el-no-sibling '   itemprop=\"image\" itemscope=\"itemscope\" itemtype=\"https:\/\/schema.org\/ImageObject\" ><div class=\"avia-image-container-inner\"><div class=\"avia-image-overlay-wrap\"><a href=\"https:\/\/www.fernand-schwarz.fr\/le-sacre-camoufle\/\" class='avia_image '  target=\"_blank\"  rel=\"noopener noreferrer\" aria-label='Sacr\u00e9 camoufl\u00e9'><img decoding=\"async\" fetchpriority=\"high\" class='wp-image-964 avia-img-lazy-loading-not-964 avia_image ' src=\"https:\/\/fernand-schwarz.fr\/wp-content\/uploads\/sites\/15\/2016\/01\/Sacre-camoufle-208x300.png\" alt='' title='Sacr\u00e9 camoufl\u00e9'  height=\"300\" width=\"208\"  itemprop=\"thumbnailUrl\" srcset=\"https:\/\/fernand-schwarz.fr\/wp-content\/uploads\/sites\/15\/2016\/01\/Sacre-camoufle-208x300.png 208w, https:\/\/fernand-schwarz.fr\/wp-content\/uploads\/sites\/15\/2016\/01\/Sacre-camoufle.png 286w\" sizes=\"(max-width: 208px) 100vw, 208px\" \/><\/a><\/div><\/div><\/div><\/div><div class='av-flex-placeholder'><\/div><div  class='flex_column av-av_three_fourth-f1c518e9ff58e869f80c8f093487abc9 av_three_fourth  avia-builder-el-25  el_after_av_one_fourth  avia-builder-el-last  flex_column_table_cell av-equal-height-column av-align-middle  '     ><section  class='av_textblock_section av-lg5b5drh-b7858a91ef99d68314eccf7d01f45167 '   itemscope=\"itemscope\" itemtype=\"https:\/\/schema.org\/CreativeWork\" ><div class='avia_textblock'  itemprop=\"text\" ><p><a class=\"wp-block-latest-posts__post-title\" href=\"https:\/\/www.fernand-schwarz.fr\/le-sacre-camoufle\/\">Le Sacr\u00e9 Camoufl\u00e9<\/a><\/p>\n<div class=\"wp-block-latest-posts__post-excerpt\">Le symbolique est un des ressorts cach\u00e9s du pouvoir. Les symboles d\u2019une nation sont une v\u00e9ritable cl\u00e9 de d\u00e9chiffrement de son syst\u00e8me politique et social. Reconna\u00eetre l\u2019influence de notre imaginaire et comprendre qu\u2019il est le moteur de nos crises mais qu\u2019il d\u00e9tient aussi les cl\u00e9s de notre renouveau, devient indispensable pour discerner les vrais enjeux\u2026<\/div>\n<\/div><\/section><\/div><\/div><!--close column table wrapper. Autoclose: 1 --><\/div><\/div><\/div><!-- close content main div --><\/div><\/div><div id='av_section_7'  class='avia-section av-av_section-f716ba51e7bf82947c918c6ed882cb73 main_color avia-section-default avia-no-border-styling  avia-builder-el-27  el_after_av_section  el_before_av_section  avia-bg-style-scroll container_wrap fullsize'  ><div class='container av-section-cont-open' ><div class='template-page content  av-content-full alpha units'><div class='post-entry post-entry-type-page post-entry-1163'><div class='entry-content-wrapper clearfix'>\n<div class='flex_column_table av-av_one_fourth-76c5003803e21927780db46ca051d108 sc-av_one_fourth av-equal-height-column-flextable'><div  class='flex_column av-av_one_fourth-76c5003803e21927780db46ca051d108 av_one_fourth  avia-builder-el-28  el_before_av_three_fourth  avia-builder-el-first  first flex_column_table_cell av-equal-height-column av-align-middle  '     ><style type=\"text\/css\" data-created_by=\"avia_inline_auto\" id=\"style-css-av-lg5b5wn8-27b4784f80e612b98b87cc180dd3e734\">\n.avia-image-container.av-lg5b5wn8-27b4784f80e612b98b87cc180dd3e734 img.avia_image{\nbox-shadow:none;\n}\n.avia-image-container.av-lg5b5wn8-27b4784f80e612b98b87cc180dd3e734 .av-image-caption-overlay-center{\ncolor:#ffffff;\n}\n<\/style>\n<div  class='avia-image-container av-lg5b5wn8-27b4784f80e612b98b87cc180dd3e734 av-styling- av-img-linked avia-align-center  avia-builder-el-29  avia-builder-el-no-sibling '   itemprop=\"image\" itemscope=\"itemscope\" itemtype=\"https:\/\/schema.org\/ImageObject\" ><div class=\"avia-image-container-inner\"><div class=\"avia-image-overlay-wrap\"><a href=\"https:\/\/www.fernand-schwarz.fr\/la-tradition-et-les-voies-de-la-connaissance\/\" class='avia_image '  target=\"_blank\"  rel=\"noopener noreferrer\" aria-label='Tradition et voies de la connaissance'><img decoding=\"async\" fetchpriority=\"high\" class='wp-image-992 avia-img-lazy-loading-not-992 avia_image ' src=\"https:\/\/fernand-schwarz.fr\/wp-content\/uploads\/sites\/15\/2016\/03\/Tradition-et-voies-de-la-connaissance-260-207x300.jpg\" alt='' title='Tradition et voies de la connaissance'  height=\"300\" width=\"207\"  itemprop=\"thumbnailUrl\" srcset=\"https:\/\/fernand-schwarz.fr\/wp-content\/uploads\/sites\/15\/2016\/03\/Tradition-et-voies-de-la-connaissance-260-207x300.jpg 207w, https:\/\/fernand-schwarz.fr\/wp-content\/uploads\/sites\/15\/2016\/03\/Tradition-et-voies-de-la-connaissance-260.jpg 257w\" sizes=\"(max-width: 207px) 100vw, 207px\" \/><\/a><\/div><\/div><\/div><\/div><div class='av-flex-placeholder'><\/div><div  class='flex_column av-av_three_fourth-f1c518e9ff58e869f80c8f093487abc9 av_three_fourth  avia-builder-el-30  el_after_av_one_fourth  avia-builder-el-last  flex_column_table_cell av-equal-height-column av-align-middle  '     ><section  class='av_textblock_section av-lg5b61kx-b4d4a4b14e192f371f4cbb2c860f4cd0 '   itemscope=\"itemscope\" itemtype=\"https:\/\/schema.org\/CreativeWork\" ><div class='avia_textblock'  itemprop=\"text\" ><p><a class=\"wp-block-latest-posts__post-title\" href=\"https:\/\/www.fernand-schwarz.fr\/la-tradition-et-les-voies-de-la-connaissance\/\">La Tradition et les voies de la Connaissance<\/a><\/p>\n<div class=\"wp-block-latest-posts__post-excerpt\">Un courant de renouveau spirituel et mat\u00e9riel traverse la plan\u00e8te. Une vision renouvel\u00e9e de l\u2019homme et du monde est en train de na\u00eetre, gr\u00e2ce aux recherches effectu\u00e9es durant ces vingt derni\u00e8res ann\u00e9es, dans les sciences humaines et physiques, par des hommes comme Mirc\u00e9a \u00c9liade, Edgar Morin, Fritjof Capra, ou Gilbert Durand. Ces chercheurs r\u00e9introduisent le sens du global,\u2026<\/div>\n<\/div><\/section><\/div><\/div><!--close column table wrapper. Autoclose: 1 --><\/div><\/div><\/div><!-- close content main div --><\/div><\/div><div id='av_section_8'  class='avia-section av-av_section-f716ba51e7bf82947c918c6ed882cb73 main_color avia-section-default avia-no-border-styling  avia-builder-el-32  el_after_av_section  el_before_av_section  avia-bg-style-scroll container_wrap fullsize'  ><div class='container av-section-cont-open' ><div class='template-page content  av-content-full alpha units'><div class='post-entry post-entry-type-page post-entry-1163'><div class='entry-content-wrapper clearfix'>\n<div class='flex_column_table av-av_one_fourth-76c5003803e21927780db46ca051d108 sc-av_one_fourth av-equal-height-column-flextable'><div  class='flex_column av-av_one_fourth-76c5003803e21927780db46ca051d108 av_one_fourth  avia-builder-el-33  el_before_av_three_fourth  avia-builder-el-first  first flex_column_table_cell av-equal-height-column av-align-middle  '     ><style type=\"text\/css\" data-created_by=\"avia_inline_auto\" id=\"style-css-av-lg5b6fdo-362da639d43c6ec95617b29c3d516a85\">\n.avia-image-container.av-lg5b6fdo-362da639d43c6ec95617b29c3d516a85 img.avia_image{\nbox-shadow:none;\n}\n.avia-image-container.av-lg5b6fdo-362da639d43c6ec95617b29c3d516a85 .av-image-caption-overlay-center{\ncolor:#ffffff;\n}\n<\/style>\n<div  class='avia-image-container av-lg5b6fdo-362da639d43c6ec95617b29c3d516a85 av-styling- av-img-linked avia-align-center  avia-builder-el-34  avia-builder-el-no-sibling '   itemprop=\"image\" itemscope=\"itemscope\" itemtype=\"https:\/\/schema.org\/ImageObject\" ><div class=\"avia-image-container-inner\"><div class=\"avia-image-overlay-wrap\"><a href=\"https:\/\/www.fernand-schwarz.fr\/symbolique-de-legypte\/\" class='avia_image '  target=\"_blank\"  rel=\"noopener noreferrer\" aria-label='Symbolique de l&#039;Egypte'><img decoding=\"async\" fetchpriority=\"high\" class='wp-image-980 avia-img-lazy-loading-not-980 avia_image ' src=\"https:\/\/fernand-schwarz.fr\/wp-content\/uploads\/sites\/15\/2016\/03\/Symbolique_Egypte_400-213x300.jpg\" alt='' title='Symbolique de l&#039;Egypte'  height=\"300\" width=\"213\"  itemprop=\"thumbnailUrl\" srcset=\"https:\/\/fernand-schwarz.fr\/wp-content\/uploads\/sites\/15\/2016\/03\/Symbolique_Egypte_400-213x300.jpg 213w, https:\/\/fernand-schwarz.fr\/wp-content\/uploads\/sites\/15\/2016\/03\/Symbolique_Egypte_400.jpg 400w\" sizes=\"(max-width: 213px) 100vw, 213px\" \/><\/a><\/div><\/div><\/div><\/div><div class='av-flex-placeholder'><\/div><div  class='flex_column av-av_three_fourth-f1c518e9ff58e869f80c8f093487abc9 av_three_fourth  avia-builder-el-35  el_after_av_one_fourth  avia-builder-el-last  flex_column_table_cell av-equal-height-column av-align-middle  '     ><section  class='av_textblock_section av-lg5b6kg1-e988559d76c71938eb43e977a7b5adaa '   itemscope=\"itemscope\" itemtype=\"https:\/\/schema.org\/CreativeWork\" ><div class='avia_textblock'  itemprop=\"text\" ><p><a class=\"wp-block-latest-posts__post-title\" href=\"https:\/\/www.fernand-schwarz.fr\/symbolique-de-legypte\/\">Symbolique de l\u2019Egypte<\/a><\/p>\n<div class=\"wp-block-latest-posts__post-excerpt\">Naissance de la spiritualit\u00e9 Plonger dans La Symbolique de l\u2019Egypte, c\u2019est d\u00e9couvrir le berceau de la spiritualit\u00e9. Une terre o\u00f9 le sacr\u00e9 est une \u00e9vidence. Un pays \u00e0 l\u2019origine du monoth\u00e9isme. La croix, symbole universel, s\u2019inscrit dans la g\u00e9ographie m\u00eame de l\u2019Egypte, form\u00e9e du croisement des eaux du Nil et de la course du soleil.\u2026<\/div>\n<\/div><\/section><\/div><\/div><!--close column table wrapper. Autoclose: 1 --><\/div><\/div><\/div><!-- close content main div --><\/div><\/div><div id='av_section_9'  class='avia-section av-av_section-f716ba51e7bf82947c918c6ed882cb73 main_color avia-section-default avia-no-border-styling  avia-builder-el-37  el_after_av_section  el_before_av_section  avia-bg-style-scroll container_wrap fullsize'  ><div class='container av-section-cont-open' ><div class='template-page content  av-content-full alpha units'><div class='post-entry post-entry-type-page post-entry-1163'><div class='entry-content-wrapper clearfix'>\n<div class='flex_column_table av-av_one_fourth-76c5003803e21927780db46ca051d108 sc-av_one_fourth av-equal-height-column-flextable'><div  class='flex_column av-av_one_fourth-76c5003803e21927780db46ca051d108 av_one_fourth  avia-builder-el-38  el_before_av_three_fourth  avia-builder-el-first  first flex_column_table_cell av-equal-height-column av-align-middle  '     ><style type=\"text\/css\" data-created_by=\"avia_inline_auto\" id=\"style-css-av-lg5b6yt7-e461da5ecbd101f94482b3ff0e9d8445\">\n.avia-image-container.av-lg5b6yt7-e461da5ecbd101f94482b3ff0e9d8445 img.avia_image{\nbox-shadow:none;\n}\n.avia-image-container.av-lg5b6yt7-e461da5ecbd101f94482b3ff0e9d8445 .av-image-caption-overlay-center{\ncolor:#ffffff;\n}\n<\/style>\n<div  class='avia-image-container av-lg5b6yt7-e461da5ecbd101f94482b3ff0e9d8445 av-styling- av-img-linked avia-align-center  avia-builder-el-39  avia-builder-el-no-sibling '   itemprop=\"image\" itemscope=\"itemscope\" itemtype=\"https:\/\/schema.org\/ImageObject\" ><div class=\"avia-image-container-inner\"><div class=\"avia-image-overlay-wrap\"><a href=\"https:\/\/www.fernand-schwarz.fr\/cathedrales-symboles-et-lumieres\/\" class='avia_image '  target=\"_blank\"  rel=\"noopener noreferrer\" aria-label='Cathedrales Symboles et Lumieres'><img decoding=\"async\" fetchpriority=\"high\" class='wp-image-976 avia-img-lazy-loading-not-976 avia_image ' src=\"https:\/\/fernand-schwarz.fr\/wp-content\/uploads\/sites\/15\/2016\/03\/Cathedrales_Symboles_Lumieres_400-215x300.jpg\" alt='' title='Cathedrales Symboles et Lumieres'  height=\"300\" width=\"215\"  itemprop=\"thumbnailUrl\" srcset=\"https:\/\/fernand-schwarz.fr\/wp-content\/uploads\/sites\/15\/2016\/03\/Cathedrales_Symboles_Lumieres_400-215x300.jpg 215w, https:\/\/fernand-schwarz.fr\/wp-content\/uploads\/sites\/15\/2016\/03\/Cathedrales_Symboles_Lumieres_400.jpg 400w\" sizes=\"(max-width: 215px) 100vw, 215px\" \/><\/a><\/div><\/div><\/div><\/div><div class='av-flex-placeholder'><\/div><div  class='flex_column av-av_three_fourth-f1c518e9ff58e869f80c8f093487abc9 av_three_fourth  avia-builder-el-40  el_after_av_one_fourth  avia-builder-el-last  flex_column_table_cell av-equal-height-column av-align-middle  '     ><section  class='av_textblock_section av-lg5b766l-06181497b437868c119ad5e01eaf4afe '   itemscope=\"itemscope\" itemtype=\"https:\/\/schema.org\/CreativeWork\" ><div class='avia_textblock'  itemprop=\"text\" ><p><a class=\"wp-block-latest-posts__post-title\" href=\"https:\/\/www.fernand-schwarz.fr\/cathedrales-symboles-et-lumieres\/\">Cath\u00e9drales symboles et lumi\u00e8res<\/a><\/p>\n<div class=\"wp-block-latest-posts__post-excerpt\">C\u2019est \u00e0 travers le regard du photographe du patrimoine, David Bordes, que le lecteur d\u00e9couvre les plus belles cath\u00e9drales de France : Notre-Dame de Paris, Chartres, Saint-Denis, Rouen, Strasbourg, Reims \u2026 Cet ouvrage, via de nombreuses illustrations, nous fait d\u00e9couvrir les cath\u00e9drales \u2013 en les abordant par le langage universel du symbole \u2013 dans ce\u2026<\/div>\n<\/div><\/section><\/div><\/div><!--close column table wrapper. Autoclose: 1 --><\/div><\/div><\/div><!-- close content main div --><\/div><\/div><div id='av_section_10'  class='avia-section av-av_section-f716ba51e7bf82947c918c6ed882cb73 main_color avia-section-default avia-no-border-styling  avia-builder-el-42  el_after_av_section  el_before_av_section  avia-bg-style-scroll container_wrap fullsize'  ><div class='container av-section-cont-open' ><div class='template-page content  av-content-full alpha units'><div class='post-entry post-entry-type-page post-entry-1163'><div class='entry-content-wrapper clearfix'>\n<div class='flex_column_table av-av_one_fourth-76c5003803e21927780db46ca051d108 sc-av_one_fourth av-equal-height-column-flextable'><div  class='flex_column av-av_one_fourth-76c5003803e21927780db46ca051d108 av_one_fourth  avia-builder-el-43  el_before_av_three_fourth  avia-builder-el-first  first flex_column_table_cell av-equal-height-column av-align-middle  '     ><style type=\"text\/css\" data-created_by=\"avia_inline_auto\" id=\"style-css-av-lg5b7lgu-c216809ab5fdd78f04139ac6d8e2242a\">\n.avia-image-container.av-lg5b7lgu-c216809ab5fdd78f04139ac6d8e2242a img.avia_image{\nbox-shadow:none;\n}\n.avia-image-container.av-lg5b7lgu-c216809ab5fdd78f04139ac6d8e2242a .av-image-caption-overlay-center{\ncolor:#ffffff;\n}\n<\/style>\n<div  class='avia-image-container av-lg5b7lgu-c216809ab5fdd78f04139ac6d8e2242a av-styling- av-img-linked avia-align-center  avia-builder-el-44  avia-builder-el-no-sibling '   itemprop=\"image\" itemscope=\"itemscope\" itemtype=\"https:\/\/schema.org\/ImageObject\" ><div class=\"avia-image-container-inner\"><div class=\"avia-image-overlay-wrap\"><a href=\"https:\/\/www.fernand-schwarz.fr\/la-voie-du-bonheur\/\" class='avia_image '  target=\"_blank\"  rel=\"noopener noreferrer\" aria-label='La Voie du Bonheur'><img decoding=\"async\" fetchpriority=\"high\" class='wp-image-1002 avia-img-lazy-loading-not-1002 avia_image ' src=\"https:\/\/fernand-schwarz.fr\/wp-content\/uploads\/sites\/15\/2016\/03\/La-Voie-du-Bonheur-191x300.jpg\" alt='' title='La Voie du Bonheur'  height=\"300\" width=\"191\"  itemprop=\"thumbnailUrl\" srcset=\"https:\/\/fernand-schwarz.fr\/wp-content\/uploads\/sites\/15\/2016\/03\/La-Voie-du-Bonheur-191x300.jpg 191w, https:\/\/fernand-schwarz.fr\/wp-content\/uploads\/sites\/15\/2016\/03\/La-Voie-du-Bonheur.jpg 363w\" sizes=\"(max-width: 191px) 100vw, 191px\" \/><\/a><\/div><\/div><\/div><\/div><div class='av-flex-placeholder'><\/div><div  class='flex_column av-av_three_fourth-f1c518e9ff58e869f80c8f093487abc9 av_three_fourth  avia-builder-el-45  el_after_av_one_fourth  avia-builder-el-last  flex_column_table_cell av-equal-height-column av-align-middle  '     ><section  class='av_textblock_section av-lg5b7q1u-506d7c2c8537517ba49bb583a426faf1 '   itemscope=\"itemscope\" itemtype=\"https:\/\/schema.org\/CreativeWork\" ><div class='avia_textblock'  itemprop=\"text\" ><p><a class=\"wp-block-latest-posts__post-title\" href=\"https:\/\/www.fernand-schwarz.fr\/la-voie-du-bonheur\/\">La Voie du Bonheur<\/a><\/p>\n<div class=\"wp-block-latest-posts__post-excerpt\">La philosophie vivante de Socrate Socrate enseigne et pratique un art de vivre que l\u2019on a appel\u00e9 philosophie. Il y a avant et apr\u00e8s Socrate. Il promeut une philosophie vivante et profond\u00e9ment humaine qui invite \u00e0 d\u00e9couvrir pas \u00e0 pas le bonheur en tirant les le\u00e7ons des crises de l\u2019existence, en apprenant l\u2019art du dialogue\u2026<\/div>\n<\/div><\/section><\/div><\/div><!--close column table wrapper. Autoclose: 1 --><\/div><\/div><\/div><!-- close content main div --><\/div><\/div><div id='av_section_11'  class='avia-section av-av_section-f716ba51e7bf82947c918c6ed882cb73 main_color avia-section-default avia-no-border-styling  avia-builder-el-47  el_after_av_section  el_before_av_section  avia-bg-style-scroll container_wrap fullsize'  ><div class='container av-section-cont-open' ><div class='template-page content  av-content-full alpha units'><div class='post-entry post-entry-type-page post-entry-1163'><div class='entry-content-wrapper clearfix'>\n<div class='flex_column_table av-av_one_fourth-76c5003803e21927780db46ca051d108 sc-av_one_fourth av-equal-height-column-flextable'><div  class='flex_column av-av_one_fourth-76c5003803e21927780db46ca051d108 av_one_fourth  avia-builder-el-48  el_before_av_three_fourth  avia-builder-el-first  first flex_column_table_cell av-equal-height-column av-align-middle  '     ><style type=\"text\/css\" data-created_by=\"avia_inline_auto\" id=\"style-css-av-lg5b86wr-e4505a729c89ab880df2ea1506b1fa83\">\n.avia-image-container.av-lg5b86wr-e4505a729c89ab880df2ea1506b1fa83 img.avia_image{\nbox-shadow:none;\n}\n.avia-image-container.av-lg5b86wr-e4505a729c89ab880df2ea1506b1fa83 .av-image-caption-overlay-center{\ncolor:#ffffff;\n}\n<\/style>\n<div  class='avia-image-container av-lg5b86wr-e4505a729c89ab880df2ea1506b1fa83 av-styling- av-img-linked avia-align-center  avia-builder-el-49  avia-builder-el-no-sibling '   itemprop=\"image\" itemscope=\"itemscope\" itemtype=\"https:\/\/schema.org\/ImageObject\" ><div class=\"avia-image-container-inner\"><div class=\"avia-image-overlay-wrap\"><a href=\"https:\/\/www.fernand-schwarz.fr\/initiation-au-livre-des-morts-egyptiens\/\" class='avia_image '  target=\"_blank\"  rel=\"noopener noreferrer\" aria-label='Initiation au livre des morts \u00e9gyptiens'><img decoding=\"async\" fetchpriority=\"high\" class='wp-image-988 avia-img-lazy-loading-not-988 avia_image ' src=\"https:\/\/fernand-schwarz.fr\/wp-content\/uploads\/sites\/15\/2016\/03\/Initiation-au-livre-des-morts-egyptiens-400-178x300.jpg\" alt='' title='Initiation au livre des morts \u00e9gyptiens'  height=\"300\" width=\"178\"  itemprop=\"thumbnailUrl\" srcset=\"https:\/\/fernand-schwarz.fr\/wp-content\/uploads\/sites\/15\/2016\/03\/Initiation-au-livre-des-morts-egyptiens-400-178x300.jpg 178w, https:\/\/fernand-schwarz.fr\/wp-content\/uploads\/sites\/15\/2016\/03\/Initiation-au-livre-des-morts-egyptiens-400.jpg 400w\" sizes=\"(max-width: 178px) 100vw, 178px\" \/><\/a><\/div><\/div><\/div><\/div><div class='av-flex-placeholder'><\/div><div  class='flex_column av-av_three_fourth-f1c518e9ff58e869f80c8f093487abc9 av_three_fourth  avia-builder-el-50  el_after_av_one_fourth  avia-builder-el-last  flex_column_table_cell av-equal-height-column av-align-middle  '     ><section  class='av_textblock_section av-lg5b8bp6-116ee7733b4e4cee82a94ee51cd539d0 '   itemscope=\"itemscope\" itemtype=\"https:\/\/schema.org\/CreativeWork\" ><div class='avia_textblock'  itemprop=\"text\" ><p><a class=\"wp-block-latest-posts__post-title\" href=\"https:\/\/www.fernand-schwarz.fr\/initiation-au-livre-des-morts-egyptiens\/\">Initiation au livre des morts \u00e9gyptiens<\/a><\/p>\n<div class=\"wp-block-latest-posts__post-excerpt\">Dans la mentalit\u00e9 de l\u2019\u00c9gypte pharaonique, la mort ne m\u00e8ne pas au n\u00e9ant mais au contraire permet l\u2019ascension de l\u2019homme \u00e0 la seule vie v\u00e9ritable. L\u2019\u00c9gypte nous a l\u00e9gu\u00e9 les cartes les plus anciennes sur l\u2019itin\u00e9raire de l\u2019\u00e2me dans l\u2019au-del\u00e0. Les quatre grandes phases du Livre des Morts retracent les m\u00e9tamorphoses de l\u2019\u00e2me dans l\u2019au-del\u00e0,\u2026<\/div>\n<\/div><\/section><\/div><\/div><!--close column table wrapper. Autoclose: 1 --><\/div><\/div><\/div><!-- close content main div --><\/div><\/div><div id='av_section_12'  class='avia-section av-av_section-f716ba51e7bf82947c918c6ed882cb73 main_color avia-section-default avia-no-border-styling  avia-builder-el-52  el_after_av_section  el_before_av_section  avia-bg-style-scroll container_wrap fullsize'  ><div class='container av-section-cont-open' ><div class='template-page content  av-content-full alpha units'><div class='post-entry post-entry-type-page post-entry-1163'><div class='entry-content-wrapper clearfix'>\n<div class='flex_column_table av-av_one_fourth-76c5003803e21927780db46ca051d108 sc-av_one_fourth av-equal-height-column-flextable'><div  class='flex_column av-av_one_fourth-76c5003803e21927780db46ca051d108 av_one_fourth  avia-builder-el-53  el_before_av_three_fourth  avia-builder-el-first  first flex_column_table_cell av-equal-height-column av-align-middle  '     ><style type=\"text\/css\" data-created_by=\"avia_inline_auto\" id=\"style-css-av-lg5b8o47-76a3ab9a44795d289a5168da37c2ada6\">\n.avia-image-container.av-lg5b8o47-76a3ab9a44795d289a5168da37c2ada6 img.avia_image{\nbox-shadow:none;\n}\n.avia-image-container.av-lg5b8o47-76a3ab9a44795d289a5168da37c2ada6 .av-image-caption-overlay-center{\ncolor:#ffffff;\n}\n<\/style>\n<div  class='avia-image-container av-lg5b8o47-76a3ab9a44795d289a5168da37c2ada6 av-styling- av-img-linked avia-align-center  avia-builder-el-54  avia-builder-el-no-sibling '   itemprop=\"image\" itemscope=\"itemscope\" itemtype=\"https:\/\/schema.org\/ImageObject\" ><div class=\"avia-image-container-inner\"><div class=\"avia-image-overlay-wrap\"><a href=\"https:\/\/www.fernand-schwarz.fr\/egypte-terre-des-dieux-don-du-nil\/\" class='avia_image '  target=\"_blank\"  rel=\"noopener noreferrer\" aria-label='Egypte terre des dieux don du Nil'><img decoding=\"async\" fetchpriority=\"high\" class='wp-image-986 avia-img-lazy-loading-not-986 avia_image ' src=\"https:\/\/fernand-schwarz.fr\/wp-content\/uploads\/sites\/15\/2016\/03\/Egypte-terre-des-dieux-400-205x300.jpg\" alt='' title='Egypte terre des dieux don du Nil'  height=\"300\" width=\"205\"  itemprop=\"thumbnailUrl\" srcset=\"https:\/\/fernand-schwarz.fr\/wp-content\/uploads\/sites\/15\/2016\/03\/Egypte-terre-des-dieux-400-205x300.jpg 205w, https:\/\/fernand-schwarz.fr\/wp-content\/uploads\/sites\/15\/2016\/03\/Egypte-terre-des-dieux-400.jpg 400w\" sizes=\"(max-width: 205px) 100vw, 205px\" \/><\/a><\/div><\/div><\/div><\/div><div class='av-flex-placeholder'><\/div><div  class='flex_column av-av_three_fourth-f1c518e9ff58e869f80c8f093487abc9 av_three_fourth  avia-builder-el-55  el_after_av_one_fourth  avia-builder-el-last  flex_column_table_cell av-equal-height-column av-align-middle  '     ><section  class='av_textblock_section av-lg5b8spu-478aa918738395a58517136cfbb7dae2 '   itemscope=\"itemscope\" itemtype=\"https:\/\/schema.org\/CreativeWork\" ><div class='avia_textblock'  itemprop=\"text\" ><p><a class=\"wp-block-latest-posts__post-title\" href=\"https:\/\/www.fernand-schwarz.fr\/egypte-terre-des-dieux-don-du-nil\/\">Egypte, Terre des Dieux, don du Nil<\/a><\/p>\n<div class=\"wp-block-latest-posts__post-excerpt\">\u00ab Terre des Dieux, don du Nil \u00bb, l\u2019Egypte a su harmoniser les rythmes quotidiens avec les cycles cosmiques. Il n\u2019est point de temple qui ne soit inscrit par son orientation dans un ensemble plus vaste que la terre des berges du Nil ; il n\u2019est point de tombeau qui ne nous parle de cet au-del\u00e0 auquel se\u2026<\/div>\n<\/div><\/section><\/div><\/div><!--close column table wrapper. Autoclose: 1 --><\/div><\/div><\/div><!-- close content main div --><\/div><\/div><div id='av_section_13'  class='avia-section av-av_section-f716ba51e7bf82947c918c6ed882cb73 main_color avia-section-default avia-no-border-styling  avia-builder-el-57  el_after_av_section  el_before_av_section  avia-bg-style-scroll container_wrap fullsize'  ><div class='container av-section-cont-open' ><div class='template-page content  av-content-full alpha units'><div class='post-entry post-entry-type-page post-entry-1163'><div class='entry-content-wrapper clearfix'>\n<div class='flex_column_table av-av_one_fourth-76c5003803e21927780db46ca051d108 sc-av_one_fourth av-equal-height-column-flextable'><div  class='flex_column av-av_one_fourth-76c5003803e21927780db46ca051d108 av_one_fourth  avia-builder-el-58  el_before_av_three_fourth  avia-builder-el-first  first flex_column_table_cell av-equal-height-column av-align-middle  '     ><style type=\"text\/css\" data-created_by=\"avia_inline_auto\" id=\"style-css-av-lg5b95sq-2914242f41a48ceab4f8fd239a7a2daf\">\n.avia-image-container.av-lg5b95sq-2914242f41a48ceab4f8fd239a7a2daf img.avia_image{\nbox-shadow:none;\n}\n.avia-image-container.av-lg5b95sq-2914242f41a48ceab4f8fd239a7a2daf .av-image-caption-overlay-center{\ncolor:#ffffff;\n}\n<\/style>\n<div  class='avia-image-container av-lg5b95sq-2914242f41a48ceab4f8fd239a7a2daf av-styling- av-img-linked avia-align-center  avia-builder-el-59  avia-builder-el-no-sibling '   itemprop=\"image\" itemscope=\"itemscope\" itemtype=\"https:\/\/schema.org\/ImageObject\" ><div class=\"avia-image-container-inner\"><div class=\"avia-image-overlay-wrap\"><a href=\"https:\/\/www.fernand-schwarz.fr\/egypte\/\" class='avia_image '  target=\"_blank\"  rel=\"noopener noreferrer\" aria-label='Egypte myst\u00e8res du sacr\u00e9'><img decoding=\"async\" fetchpriority=\"high\" class='wp-image-984 avia-img-lazy-loading-not-984 avia_image ' src=\"https:\/\/fernand-schwarz.fr\/wp-content\/uploads\/sites\/15\/2016\/03\/Egypte-mysteres-sacre-400-201x300.jpg\" alt='' title='Egypte myst\u00e8res du sacr\u00e9'  height=\"300\" width=\"201\"  itemprop=\"thumbnailUrl\" srcset=\"https:\/\/fernand-schwarz.fr\/wp-content\/uploads\/sites\/15\/2016\/03\/Egypte-mysteres-sacre-400-201x300.jpg 201w, https:\/\/fernand-schwarz.fr\/wp-content\/uploads\/sites\/15\/2016\/03\/Egypte-mysteres-sacre-400.jpg 394w\" sizes=\"(max-width: 201px) 100vw, 201px\" \/><\/a><\/div><\/div><\/div><\/div><div class='av-flex-placeholder'><\/div><div  class='flex_column av-av_three_fourth-f1c518e9ff58e869f80c8f093487abc9 av_three_fourth  avia-builder-el-60  el_after_av_one_fourth  avia-builder-el-last  flex_column_table_cell av-equal-height-column av-align-middle  '     ><section  class='av_textblock_section av-lg5b9axj-1b1128ac47fc41115d1bb7bb15fcc596 '   itemscope=\"itemscope\" itemtype=\"https:\/\/schema.org\/CreativeWork\" ><div class='avia_textblock'  itemprop=\"text\" ><p><a class=\"wp-block-latest-posts__post-title\" href=\"https:\/\/www.fernand-schwarz.fr\/egypte\/\">Egypte<\/a><\/p>\n<div class=\"wp-block-latest-posts__post-excerpt\">Les myst\u00e8res du sacr\u00e9 De tous temps, les Egyptiens ont incarn\u00e9 la science dans ce qu\u2019elle a de plus fascinant. Cette science qui nous intrigue et nous passionne est pr\u00e9cis\u00e9ment celle des myst\u00e8res du sacr\u00e9. Le sacr\u00e9 \u00e9tait en Egypte une puissance o\u00f9 la terre et le ciel se r\u00e9pondaient r\u00e9ellement. Les Egyptiens savaient utiliser\u2026<\/div>\n<\/div><\/section><\/div><\/div><!--close column table wrapper. Autoclose: 1 --><\/div><\/div><\/div><!-- close content main div --><\/div><\/div><div id='av_section_14'  class='avia-section av-av_section-f716ba51e7bf82947c918c6ed882cb73 main_color avia-section-default avia-no-border-styling  avia-builder-el-62  el_after_av_section  avia-builder-el-last  avia-bg-style-scroll container_wrap fullsize'  ><div class='container av-section-cont-open' ><div class='template-page content  av-content-full alpha units'><div class='post-entry post-entry-type-page post-entry-1163'><div class='entry-content-wrapper clearfix'>\n<div class='flex_column_table av-av_one_fourth-76c5003803e21927780db46ca051d108 sc-av_one_fourth av-equal-height-column-flextable'><div  class='flex_column av-av_one_fourth-76c5003803e21927780db46ca051d108 av_one_fourth  avia-builder-el-63  el_before_av_three_fourth  avia-builder-el-first  first flex_column_table_cell av-equal-height-column av-align-middle  '     ><style type=\"text\/css\" data-created_by=\"avia_inline_auto\" id=\"style-css-av-lg5b9p0o-5d600581988c4d7321426780db5e7f94\">\n.avia-image-container.av-lg5b9p0o-5d600581988c4d7321426780db5e7f94 img.avia_image{\nbox-shadow:none;\n}\n.avia-image-container.av-lg5b9p0o-5d600581988c4d7321426780db5e7f94 .av-image-caption-overlay-center{\ncolor:#ffffff;\n}\n<\/style>\n<div  class='avia-image-container av-lg5b9p0o-5d600581988c4d7321426780db5e7f94 av-styling- av-img-linked avia-align-center  avia-builder-el-64  avia-builder-el-no-sibling '   itemprop=\"image\" itemscope=\"itemscope\" itemtype=\"https:\/\/schema.org\/ImageObject\" ><div class=\"avia-image-container-inner\"><div class=\"avia-image-overlay-wrap\"><a href=\"https:\/\/www.fernand-schwarz.fr\/le-totalitarisme\/\" class='avia_image '  target=\"_blank\"  rel=\"noopener noreferrer\" aria-label='Totalitarisme ou l&#039;homme d\u00e9natur\u00e9'><img decoding=\"async\" fetchpriority=\"high\" class='wp-image-1000 avia-img-lazy-loading-not-1000 avia_image ' src=\"https:\/\/fernand-schwarz.fr\/wp-content\/uploads\/sites\/15\/2016\/03\/Totalitarisme-ou-homme-denature-204x300.jpg\" alt='' title='Totalitarisme ou l&#039;homme d\u00e9natur\u00e9'  height=\"300\" width=\"204\"  itemprop=\"thumbnailUrl\" srcset=\"https:\/\/fernand-schwarz.fr\/wp-content\/uploads\/sites\/15\/2016\/03\/Totalitarisme-ou-homme-denature-204x300.jpg 204w, https:\/\/fernand-schwarz.fr\/wp-content\/uploads\/sites\/15\/2016\/03\/Totalitarisme-ou-homme-denature.jpg 408w\" sizes=\"(max-width: 204px) 100vw, 204px\" \/><\/a><\/div><\/div><\/div><\/div><div class='av-flex-placeholder'><\/div><div  class='flex_column av-av_three_fourth-f1c518e9ff58e869f80c8f093487abc9 av_three_fourth  avia-builder-el-65  el_after_av_one_fourth  avia-builder-el-last  flex_column_table_cell av-equal-height-column av-align-middle  '     ><section  class='av_textblock_section av-lg5b9tlm-c97d73c886f275115970e32450dce8bd '   itemscope=\"itemscope\" itemtype=\"https:\/\/schema.org\/CreativeWork\" ><div class='avia_textblock'  itemprop=\"text\" ><p><a class=\"wp-block-latest-posts__post-title\" href=\"https:\/\/www.fernand-schwarz.fr\/le-totalitarisme\/\">Le Totalitarisme<\/a><\/p>\n<div class=\"wp-block-latest-posts__post-excerpt\">ou l\u2019homme d\u00e9natur\u00e9 TABLE DES MATIERES Avant-propos Introduction Chapitre 1 Le totalitarisme au regard de la philosophie Chapitre 2 Le totalitarisme au regard de la psychosociologie Chapitre 3 Le totalitarisme au regard de l\u2019anthropologie Chapitre 4 Le totalitarisme, pathologie de l\u2019imaginaire Conclusion Sommes-nous aujourd\u2019hui \u00e0 l\u2019abri du risque totalitaire ?<\/div>\n<\/div><\/section><\/div><\/div><!--close column table wrapper. Autoclose: 1 --><\/p>\n","protected":false},"excerpt":{"rendered":"","protected":false},"author":134,"featured_media":952,"parent":1159,"menu_order":0,"comment_status":"closed","ping_status":"closed","template":"","meta":{"footnotes":""},"class_list":["post-1163","page","type-page","status-publish","has-post-thumbnail","hentry"],"_links":{"self":[{"href":"https:\/\/fernand-schwarz.fr\/en\/wp-json\/wp\/v2\/pages\/1163","targetHints":{"allow":["GET"]}}],"collection":[{"href":"https:\/\/fernand-schwarz.fr\/en\/wp-json\/wp\/v2\/pages"}],"about":[{"href":"https:\/\/fernand-schwarz.fr\/en\/wp-json\/wp\/v2\/types\/page"}],"author":[{"embeddable":true,"href":"https:\/\/fernand-schwarz.fr\/en\/wp-json\/wp\/v2\/users\/134"}],"replies":[{"embeddable":true,"href":"https:\/\/fernand-schwarz.fr\/en\/wp-json\/wp\/v2\/comments?post=1163"}],"version-history":[{"count":3,"href":"https:\/\/fernand-schwarz.fr\/en\/wp-json\/wp\/v2\/pages\/1163\/revisions"}],"predecessor-version":[{"id":1166,"href":"https:\/\/fernand-schwarz.fr\/en\/wp-json\/wp\/v2\/pages\/1163\/revisions\/1166"}],"up":[{"embeddable":true,"href":"https:\/\/fernand-schwarz.fr\/en\/wp-json\/wp\/v2\/pages\/1159"}],"wp:featuredmedia":[{"embeddable":true,"href":"https:\/\/fernand-schwarz.fr\/en\/wp-json\/wp\/v2\/media\/952"}],"wp:attachment":[{"href":"https:\/\/fernand-schwarz.fr\/en\/wp-json\/wp\/v2\/media?parent=1163"}],"curies":[{"name":"wp","href":"https:\/\/api.w.org\/{rel}","templated":true}]}}